{"id":306,"date":"2023-10-11T14:34:24","date_gmt":"2023-10-11T14:34:24","guid":{"rendered":"https:\/\/tp1.forschungsgruppe-pronomen.de\/?page_id=306"},"modified":"2026-04-23T15:45:31","modified_gmt":"2026-04-23T15:45:31","slug":"publikationen","status":"publish","type":"page","link":"https:\/\/tp4.forschungsgruppe-pronomen.de\/en\/publikationen\/","title":{"rendered":"Publications and talks"},"content":{"rendered":"\n<p><strong>Publikationen<\/strong><\/p>\n\n\n\n<ul class=\"wp-block-list\">\n<li>Imo, Wolfgang \/ Wesche, J\u00f6rg (ang.): \u201eIhr sch\u00f6nen Kinder, la\u00dft mich wissen\u201c: die pragmatische Komplexit\u00e4t des Referierens und Adressierens. In: Henke, Daniela \/ Holzhacker, Daniel (Hrsg.): <em>Einfachheit und literarische Texte.<\/em><\/li>\n<\/ul>\n\n\n\n<ul class=\"wp-block-list\">\n<li>Imo, Wolfgang (ang.): <em>Meinereiner, ihrereins, unsereine<\/em> &amp; Co.: Ein (nicht nur) komisches Hybrid aus Possessiv- und Indefinitpronomen. In: Dammel, Antje&nbsp;\/&nbsp;Imo, Wolfgang \/ Krug, Maximilian (Hrsg.): <em>Gattungsspezifik des Pronomengebrauchs<\/em>. Berlin: de Gruyter.<\/li>\n<\/ul>\n\n\n\n<ul class=\"wp-block-list\">\n<li>Imo, Wolfgang \/ Schick, Valeria (ang.): \u201eGeh in tausend Gr\u00fcfte, du Eule!\u201c \u2013 Beleidigungen, Beschimpfungen und mehr mit [DU+NP] in Dramen von Barock bis zur Klassik. In: Dammel, Antje&nbsp;\/&nbsp;Imo, Wolfgang \/ Krug, Maximilian (Hrsg.): <em>Gattungsspezifik des Pronomengebrauchs<\/em>. Berlin: de Gruyter.<\/li>\n<\/ul>\n\n\n\n<ul class=\"wp-block-list\">\n<li>Imo, Wolfgang \/ Schick, Valeria (ang.): \u201eSag einer, was man nicht erlebet!\u201c \u2013 Historisch-interaktionale Perspektiven auf das Indefinitpronomen <em>man<\/em> in Dramen vom Barock bis zur Klassik. In: Proske, Nadine \/ Zeschel, Arne (Hrsg.): <em>Grammatikalisierung und Interaktion<\/em>. Berlin: de Gruyter.<\/li>\n<\/ul>\n\n\n\n<ul class=\"wp-block-list\">\n<li>Imo, Wolfgang \/ Schick, Valeria (ang.): \u201eKerl, du erschreckst mich! Aber du, der du weit \u00e4lter bist als er, kannst du ihn nicht dann und wann zurechte weisen?\u201c \u2013 <em>Personalpronomen<\/em>&nbsp;<em>+ Relativsatz<\/em> als Positionierungsroutine in Dramen des Barocks, der Aufkl\u00e4rung, des Sturm und Drang und der Klassik. In: Dammel, Antje \/ Imo, Wolfgang \/ Lanwer, Jens Philipp (Hrsg.): <em>Pronomengebrauch und stance taking<\/em>. T\u00fcbingen: Narr.<\/li>\n<\/ul>\n\n\n\n<ul class=\"wp-block-list\">\n<li>Duve, Laura \/ Schick, Valeria (ang.): \u201eMan schaue und wundere sich.\u201c \u2013 Heische Formeln mit <em>man <\/em>als Positionierungsressourcen in Dramen des 16. bis 19. Jahrhunderts. In: Dammel, Antje \/ Imo, Wolfgang \/ Lanwer Jens Philipp (Hrsg.): <em>Pronomengebrauch und stance taking<\/em>. T\u00fcbingen: Narr.<\/li>\n<\/ul>\n\n\n\n<ul class=\"wp-block-list\">\n<li>Schick, Valeria (i.V.): <em>Grammatik und Semantik der pronominalen Personenreferenz: Eine diachrone, interaktional-linguistische Untersuchung des Personalpronomengebrauchs im Dramenwerk von A. Gryphius, G. E. Lessing, F. Schiller und J. W. v. Goethe<\/em> (Arbeitstitel der Dissertationsschrift).<\/li>\n<\/ul>\n\n\n\n<ul class=\"wp-block-list\">\n<li>Duve, Laura \/ Schick, Valeria (2026): Wandel im Pronomengebrauch vom Fr\u00fchneuhochdeutschen zum fr\u00fchen Neuhochdeutschen: Korpusaufbereitung und Annotation mit <em>INCEpTION<\/em> und Auswertung und Visualisierung mit <em>ANNIS<\/em>. In: <em>Online-only Publikationen des Leibniz-Instituts f\u00fcr Deutsche Sprache<\/em> 16: 48\u201363. Open Access: https:\/\/doi.org\/10.21248\/idsopen.16.2026.75<\/li>\n<\/ul>\n\n\n\n<ul class=\"wp-block-list\">\n<li>Imo, Wolfgang (2026): \u201eUnflat \/ der du bist \/ sichst nit \/ da\u00df alles feicht ist\u201c \u2013 Vorwurfssequenzen in Lehrwerken der fr\u00fchen Neuzeit. In: Simon, Horst \/ B\u00fcchler, Liv (Hrsg.): <em>Fremdsprachenlehrwerke im 17. Jahrhundert<\/em>. Wiesbaden: Harrassowitz, 177\u2013199.<\/li>\n<\/ul>\n\n\n\n<ul class=\"wp-block-list\">\n<li>Imo, Wolfgang (2025b): Perspektivierung, <em>framing<\/em> und <em>construal<\/em>: die rhetorisch-suggestive Macht von Personalpronomen. In: <em>Der Deutschunterricht<\/em> 4, 44\u201353.<\/li>\n<\/ul>\n\n\n\n<ul class=\"wp-block-list\">\n<li>Imo, Wolfgang (2025a): Grammatik in der Interaktion \u2013 eine Fallstudie zu den interaktionalen Funktionen des Indefinitpronomens <em>man<\/em> in Lessings Dramen. In: M\u00fcller, Marcus \/ Reisigl, Martin \/ Becker, Maria \/ Bender, Michael \/ Felder, Ekkehard (Hrsg.): <em>Diskursgrammatik<\/em>. Berlin: de Gruyter, 175\u2013198.<\/li>\n<\/ul>\n\n\n\n<ul class=\"wp-block-list\">\n<li>Imo, Wolfgang (2024c): \u201eHimmel welcher Schimpf! (\u2026) Ich ein Schneider?\u201c&nbsp;\u2013 Nicht-finite Pr\u00e4dikationskonstruktionen (NFPK) in Dramen des Barock, der Aufkl\u00e4rung, des Sturm und Drang und der Klassik als Inszenierungsverfahren von Emotionalit\u00e4t. In: <em>Zeitschrift f\u00fcr germanistische Linguistik<\/em> 52\/2, 324\u2013353.<\/li>\n<\/ul>\n\n\n\n<ul class=\"wp-block-list\">\n<li>Imo, Wolfgang (2024b): Problematische Possessivit\u00e4t: Possessivpronomen und Reparatursequenzen in historischen Dramen. In: <em>Zeitschrift f\u00fcr Literaturwissenschaft und Linguistik<\/em> 54, 583\u2013609.<\/li>\n<\/ul>\n\n\n\n<ul class=\"wp-block-list\">\n<li>Imo, Wolfgang (2024a): Interaktionale Ellipsen: Nicht-finite Pr\u00e4dikationskonstruktionen (NFPK) und Aposiopesen im Dramenwerk von Andreas Gryphius. In: Imo, Wolfgang \/ Wesche, J\u00f6rg (Hrsg.): <em>Sprechen und Gespr\u00e4ch in historischer Perspektive \u2013 Sprach- und literaturwissenschaftliche Zug\u00e4nge<\/em>. Stuttgart: Metzler, 59\u201386.<\/li>\n<\/ul>\n\n\n\n<ul class=\"wp-block-list\">\n<li>Imo, Wolfgang \/ Wesche, J\u00f6rg (Hrsg.) (2024): <em>Sprechen und Gespr\u00e4ch in historischer Perspektive \u2013 Sprach- und literaturwissenschaftliche Zug\u00e4nge<\/em>. Stuttgart: Metzler.<\/li>\n<\/ul>\n\n\n\n<ul class=\"wp-block-list\">\n<li>Imo, Wolfgang \/ M\u00fcller, Melissa (2023): <em>ey<\/em> und <em>ei<\/em> gestern und heute. In: Imo, Wolfgang \/ Wesche, J\u00f6rg (Hrsg.): <em>Interaktionale Sprache im Dramenwerk von Andreas Gryphius<\/em>. Heidelberg: Winter, 99\u2013186.<\/li>\n<\/ul>\n\n\n\n<ul class=\"wp-block-list\">\n<li>Imo, Wolfgang \/ Wesche, J\u00f6rg (Hrsg.) (2023): <em>Interaktionale Sprache im Dramenwerk von Andreas Gryphius<\/em>. Heidelberg: Winter.<\/li>\n<\/ul>\n\n\n\n<p><strong>Vortr\u00e4ge und Panelorganisationen &#8211; Wolfgang Imo<\/strong><\/p>\n\n\n\n<ul class=\"wp-block-list\">\n<li><strong>03.2027<\/strong> (ang.): \u201eNominale Personenreferenz in Dramen\u201c, Vortrag auf der 63. Jahrestagung des Leibniz-Instituts f\u00fcr Deutsche Sprache \u201eLiteratur und Linguistik\u201c in Mannheim.<\/li>\n<\/ul>\n\n\n\n<ul class=\"wp-block-list\">\n<li><strong>09.2026<\/strong> (ang.): \u201e<em>Wer Gutes will, der sei erst gut; | Wer Freude will, bes\u00e4nftige sein Blut<\/em>: Bipartite relative constructions as positioning routines in historical dramas from the 17<sup>th<\/sup> to the 19<sup>th<\/sup> century\u201c, Vortrag auf der 15<sup>th<\/sup> Historical Sociolinguistics Network Conference (HiSoN 2026) \u201eSpoken and written discourse in historical sources\u201c an der Universit\u00e4t Salzburg (gemeinsam mit Valeria Schick).<\/li>\n<\/ul>\n\n\n\n<ul class=\"wp-block-list\">\n<li><strong>16.05.2025<\/strong>: \u201e\u201aGeh in tausend Gr\u00fcfte, du Eule!\u2018 Beleidigungen, Beschimpfungen und mehr mit [du + NP] in Dramen von Barock bis Klassik\u201c, Vortrag auf der Tagung \u201eGattungsspezifik des Pronomengebrauchs\u201c an der Universit\u00e4t Hamburg (gemeinsam mit Valeria Schick).<\/li>\n<\/ul>\n\n\n\n<ul class=\"wp-block-list\">\n<li><strong>12.03.2025<\/strong>: \u201eWandel im Pronomengebrauch vom Fr\u00fchneuhochdeutschen zum fr\u00fchen Neuhochdeutschen: Korpusaufbereitung und Annotation mit INCEpTION und Auswertung und Visualisierung mit ANNIS\u201c. Posterpr\u00e4sentation auf der 61. Jahrestagung des Leibniz-Instituts f\u00fcr Deutsche Sprache \u201eDeutsch im Wandel\u201c am Congress Center Rosengarten Mannheim (gemeinsam mit Laura Duve, Antje Dammel und Valeria Schick).<\/li>\n<\/ul>\n\n\n\n<ul class=\"wp-block-list\">\n<li><strong>07.06.2024<\/strong>: \u201e\u201aDu rotziger Blasebackemacherischer Dieb!\u2018 \u2013 [Pronoun of address + NP] as a practice of positioning in German dramas from the Baroque to the Classical periods\u201c. Vortrag auf der 13<sup>th<\/sup> Historical Sociolinguistics Network Conference (HiSoN 2024) \u201eDiversity and uniformity across time and space\u201c an der Universit\u00e4t Z\u00fcrich (gemeinsam mit Valeria Schick).<\/li>\n<\/ul>\n\n\n\n<ul class=\"wp-block-list\">\n<li><strong>01.03.2024<\/strong>: \u201e\u201aKerl, du erschreckst mich! Aber du, der du weit \u00e4lter bist als er, kannst du ihn nicht dann und wann zurechte weisen?\u2018 \u2013 <em>Personalpronomen + Relativsatz<\/em> als Mittel des Stancetaking in deutschen Dramen vom 17. zum 19. Jhd.\u201c. Vortrag auf der 46. Jahrestagung der Deutschen Gesellschaft f\u00fcr Sprachwissenschaft (DGfS) \u201eSprache &amp; Einstellung\u201c an der Ruhr-Universit\u00e4t Bochum.<\/li>\n<\/ul>\n\n\n\n<ul class=\"wp-block-list\">\n<li><strong>27.02. &#8211; 01.03.2024<\/strong>: Organisation eines Panels auf der 46. Jahrestagung der Deutschen Gesellschaft f\u00fcr Sprachwissenschaft (DGfS) \u201eSprache &amp; Einstellung\u201c zum Thema \u201ePronomengebrauch und Stancetaking\u201c an der Ruhr-Universit\u00e4t Bochum (gemeinsam mit Antje Dammel und Jens Lanwer).<\/li>\n<\/ul>\n\n\n\n<ul class=\"wp-block-list\">\n<li><strong>16.02.2024<\/strong>: \u201e\u201aAber du, der du weit \u00e4lter bist als er, kannst du ihn nicht dann und wann zurechte weisen?\u2018 &#8211; interaktionale Funktionen von <em>Personalpronomen + Relativsatz<\/em>-Konstruktionen in Dramen des Barock, der Aufkl\u00e4rung, des Sturm und Drang und der Klassik\u201c. Vortrag im Interaktionskolloquium an der Universit\u00e4t M\u00fcnster.<\/li>\n<\/ul>\n\n\n\n<ul class=\"wp-block-list\">\n<li><strong>24.11.2023<\/strong>: \u201e\u201aHimmel welcher Schimpf! (\u2026) Ich ein Schneider?\u2018 <em>Incredulity Response Constructions<\/em> in Dramen des Barock, der Aufkl\u00e4rung, des Sturm und Drang und der Klassik als Inszenierungsverfahren der Betroffenheit\u201c. Vortrag auf der FG-Tagung \u201eKonzepte der gebrauchsbasierten Pronomenbeschreibung \u2013 Chancen sprachkontrastiver Betrachtungen\u201c an der Universit\u00e4t Hamburg.<\/li>\n<\/ul>\n\n\n\n<ul class=\"wp-block-list\">\n<li><strong>28.09.2023<\/strong>: \u201e\u201aHimmel welcher Schimpf! (\u2026) Ich ein Schneider?\u2018 <em>Incredulity Response Constructions<\/em> in Dramen des Barock, der Aufkl\u00e4rung, des Sturm und Drang und der Klassik als Inszenierungsverfahren der Betroffenheit\u201c. Vortrag auf der Tagung \u201eSprache und Betroffenheit\u201c des Forschungsnetzwerks \u201eSprache und Wissen\u201c an der Akademie der Wissenschaften Heidelberg.<\/li>\n<\/ul>\n\n\n\n<ul class=\"wp-block-list\">\n<li><strong>20.09.2023<\/strong>: \u201e\u201aHimmel welcher Schimpf! (\u2026) Ich ein Schneider?\u2018 Ausrufe der Emp\u00f6rung in Dramen des Barock, der Aufkl\u00e4rung, des Sturm und Drang und der Klassik\u201c. Vortrag bei einer Veranstaltung der Gesellschaft f\u00fcr Deutsche Sprache am Goethe-Institut Hamburg.<\/li>\n<\/ul>\n\n\n\n<ul class=\"wp-block-list\">\n<li><strong>12.05.2023<\/strong>: \u201e\u201aSag einer, was man nicht erlebet!\u2018 \u2013 Historisch-interaktionale Perspektiven auf das Indefinitpronomen <em>man<\/em> in Dramen vom Barock bis zur Klassik\u201c. Vortrag bei dem Workshop \u201eGrammatikalisierung und Pragmatikalisierung: Synchrone und diachrone Perspektiven auf das Verh\u00e4ltnis von Variation und Wandel\u201c am IDS Mannheim (gemeinsam mit Valeria Schick).<\/li>\n<\/ul>\n\n\n\n<p><strong>Vortr\u00e4ge und Posterpr\u00e4sentationen &#8211; Valeria Schick<\/strong><\/p>\n\n\n\n<ul class=\"wp-block-list\">\n<li><strong>09.2026<\/strong> (ang.): \u201e<em>Wer Gutes will, der sei erst gut; | Wer Freude will, bes\u00e4nftige sein Blut<\/em>: Bipartite relative constructions as positioning routines in historical dramas from the 17<sup>th<\/sup> to the 19<sup>th<\/sup> century\u201c, Vortrag auf der 15<sup>th<\/sup> Historical Sociolinguistics Network Conference (HiSoN 2026) \u201eSpoken and written discourse in historical sources\u201c an der Universit\u00e4t Salzburg (gemeinsam mit Wolfgang Imo).<\/li>\n<\/ul>\n\n\n\n<ul class=\"wp-block-list\">\n<li><strong>16.05.2025<\/strong>: \u201e\u201aGeh in tausend Gr\u00fcfte, du Eule!\u2018 Beleidigungen, Beschimpfungen und mehr mit [du + NP] in Dramen von Barock bis Klassik\u201c, Vortrag auf der Tagung \u201eGattungsspezifik des Pronomengebrauchs\u201c an der Universit\u00e4t Hamburg (gemeinsam mit Wolfgang Imo).<\/li>\n<\/ul>\n\n\n\n<ul class=\"wp-block-list\">\n<li><strong>12.03.2025<\/strong>: \u201eWandel im Pronomengebrauch vom Fr\u00fchneuhochdeutschen zum fr\u00fchen Neuhochdeutschen: Korpusaufbereitung und Annotation mit INCEpTION und Auswertung und Visualisierung mit ANNIS\u201c. Posterpr\u00e4sentation auf der 61. Jahrestagung des Leibniz-Instituts f\u00fcr Deutsche Sprache \u201eDeutsch im Wandel\u201c am Congress Center Rosengarten Mannheim (gemeinsam mit Laura Duve, Antje Dammel und Wolfgang Imo).<\/li>\n<\/ul>\n\n\n\n<ul class=\"wp-block-list\">\n<li><strong>10.07.2024<\/strong>: \u201eA diachronic perspective on the use of the [pronoun of address + NP]-pattern in German dramas from the Baroque to the Classical periods\u201c. Posterpr\u00e4sentation auf der 12<sup>th<\/sup> International Conference on Language Variation in Europe (ICLaVE 12) an der Universit\u00e4t Wien.<\/li>\n<\/ul>\n\n\n\n<ul class=\"wp-block-list\">\n<li><strong>07.06.2024<\/strong>: \u201e\u201aDu rotziger Blasebackemacherischer Dieb!\u2018 \u2013 [Pronoun of address + NP] as a practice of positioning in German dramas from the Baroque to the Classical periods\u201c. Vortrag auf der 13<sup>th<\/sup> Historical Sociolinguistics Network Conference (HiSoN 2024) \u201eDiversity and uniformity across time and space\u201c an der Universit\u00e4t Z\u00fcrich (gemeinsam mit Wolfgang Imo).<\/li>\n<\/ul>\n\n\n\n<ul class=\"wp-block-list\">\n<li><strong>29.02.2024<\/strong>: \u201e\u201aMan schaue und wundere sich.\u2018 \u2013 Heische-Formeln mit <em>man<\/em> als Positionierungsressourcen in Dramen des 17. bis 19. Jahrhunderts\u201c. Vortrag auf der 46. Jahrestagung der Deutschen Gesellschaft f\u00fcr Sprachwissenschaft (DGfS) \u201eSprache &amp; Einstellung\u201c an der Ruhr-Universit\u00e4t Bochum (gemeinsam mit Laura Duve).<\/li>\n<\/ul>\n\n\n\n<ul class=\"wp-block-list\">\n<li><strong>23.11.2023<\/strong>: \u201e\u201awenn man sch\u00f6n Wetter im Calender findet \/ so regnets. Drumb haben unsere lieben Alten gesaget; du leugest wie ein Calender-macher\u2018 \u2013 Ein diachroner Blick auf den generischen Gebrauch der Pronomen <em>du<\/em> und <em>man<\/em> vom 17. \u2013 19. Jahrhundert\u201c. Vortrag auf der FG-Tagung \u201eKonzepte der gebrauchsbasierten Pronomenbeschreibung \u2013 Chancen sprachkontrastiver Betrachtungen\u201c an der Universit\u00e4t Hamburg (gemeinsam mit Laura Duve).<\/li>\n<\/ul>\n\n\n\n<ul class=\"wp-block-list\">\n<li><strong>12.05.2023<\/strong>: \u201e\u201aSag einer, was man nicht erlebet!\u2018 \u2013 Historisch-interaktionale Perspektiven auf das Indefinitpronomen <em>man<\/em> in Dramen vom Barock bis zur Klassik\u201c. Vortrag bei dem Workshop \u201eGrammatikalisierung und Pragmatikalisierung: Synchrone und diachrone Perspektiven auf das Verh\u00e4ltnis von Variation und Wandel\u201c am IDS Mannheim (gemeinsam mit Wolfgang Imo).<\/li>\n<\/ul>\n\n\n\n<ul class=\"wp-block-list\">\n<li><strong>21.04.2023<\/strong>: \u201eProjektvorstellung: Personenreferierende Pronomen in Dramen \u2013 interaktionale und dramaturgische Funktionen sowie historischer Wandel von Barock \u00fcber Aufkl\u00e4rung zu Sturm &amp; Drang und Klassik\u201c. Vortrag im Forschungskaleidoskop Linguistik an der Universit\u00e4t Hamburg.<\/li>\n<\/ul>\n","protected":false},"excerpt":{"rendered":"<p>Publikationen Vortr\u00e4ge und Panelorganisationen &#8211; Wolfgang Imo Vortr\u00e4ge und Posterpr\u00e4sentationen &#8211; Valeria Schick<\/p>","protected":false},"author":1,"featured_media":0,"parent":0,"menu_order":0,"comment_status":"closed","ping_status":"closed","template":"","meta":{"site-container-style":"default","site-container-layout":"default","site-sidebar-layout":"default","disable-article-header":"default","disable-site-header":"default","disable-site-footer":"default","disable-content-area-spacing":"default","footnotes":""},"class_list":["post-306","page","type-page","status-publish","hentry"],"publishpress_future_action":{"enabled":false,"date":"2026-05-10 14:38:32","action":"change-status","newStatus":"draft","terms":[],"taxonomy":"","extraData":[]},"publishpress_future_workflow_manual_trigger":{"enabledWorkflows":[]},"_links":{"self":[{"href":"https:\/\/tp4.forschungsgruppe-pronomen.de\/en\/wp-json\/wp\/v2\/pages\/306","targetHints":{"allow":["GET"]}}],"collection":[{"href":"https:\/\/tp4.forschungsgruppe-pronomen.de\/en\/wp-json\/wp\/v2\/pages"}],"about":[{"href":"https:\/\/tp4.forschungsgruppe-pronomen.de\/en\/wp-json\/wp\/v2\/types\/page"}],"author":[{"embeddable":true,"href":"https:\/\/tp4.forschungsgruppe-pronomen.de\/en\/wp-json\/wp\/v2\/users\/1"}],"replies":[{"embeddable":true,"href":"https:\/\/tp4.forschungsgruppe-pronomen.de\/en\/wp-json\/wp\/v2\/comments?post=306"}],"version-history":[{"count":59,"href":"https:\/\/tp4.forschungsgruppe-pronomen.de\/en\/wp-json\/wp\/v2\/pages\/306\/revisions"}],"predecessor-version":[{"id":597,"href":"https:\/\/tp4.forschungsgruppe-pronomen.de\/en\/wp-json\/wp\/v2\/pages\/306\/revisions\/597"}],"wp:attachment":[{"href":"https:\/\/tp4.forschungsgruppe-pronomen.de\/en\/wp-json\/wp\/v2\/media?parent=306"}],"curies":[{"name":"wp","href":"https:\/\/api.w.org\/{rel}","templated":true}]}}